{"id":122,"date":"2022-05-04T09:52:57","date_gmt":"2022-05-04T09:52:57","guid":{"rendered":"https:\/\/ganado-o-desierto.com\/?page_id=122"},"modified":"2022-05-20T10:45:31","modified_gmt":"2022-05-20T10:45:31","slug":"gira-iberica-holisticamente-allan-savory","status":"publish","type":"page","link":"https:\/\/ganado-o-desierto.com\/en\/gira-iberica-holisticamente-allan-savory\/","title":{"rendered":"Gira Ib\u00e9rica Hol\u00edsticamente &#8211; Allan Savory"},"content":{"rendered":"[et_pb_section fb_built=\u00bb1&#8243; admin_label=\u00bbHeader\u00bb _builder_version=\u00bb4.17.3&#8243; _module_preset=\u00bbdefault\u00bb background_enable_image=\u00bboff\u00bb overflow-x=\u00bbhidden\u00bb overflow-y=\u00bbhidden\u00bb locked=\u00bboff\u00bb global_colors_info=\u00bb{}\u00bb][et_pb_row column_structure=\u00bb3_5,2_5&#8243; _builder_version=\u00bb4.16&#8243; _module_preset=\u00bbdefault\u00bb global_colors_info=\u00bb{}\u00bb][et_pb_column type=\u00bb3_5&#8243; _builder_version=\u00bb4.16&#8243; _module_preset=\u00bbdefault\u00bb z_index=\u00bb10&#8243; global_colors_info=\u00bb{}\u00bb][et_pb_text _builder_version=\u00bb4.17.3&#8243; _module_preset=\u00bbdefault\u00bb header_text_color=\u00bb#FFFFFF\u00bb header_font_size=\u00bb20px\u00bb background_color=\u00bb#8A9616&#8243; custom_margin=\u00bb||||false|false\u00bb custom_padding=\u00bb8px|10px||10px|false|true\u00bb locked=\u00bboff\u00bb global_colors_info=\u00bb{}\u00bb]<h1>TOUR IBERIAN HOLISTICALLY<\/h1>[\/et_pb_text][et_pb_text _builder_version=\u00bb4.17.3&#8243; _module_preset=\u00bbdefault\u00bb header_font_size=\u00bb72px\u00bb header_letter_spacing=\u00bb1px\u00bb header_line_height=\u00bb1.3em\u00bb header_2_line_height=\u00bb1.2em\u00bb header_font_size_tablet=\u00bb40px\u00bb header_font_size_phone=\u00bb24px\u00bb header_font_size_last_edited=\u00bbon|desktop\u00bb locked=\u00bboff\u00bb global_colors_info=\u00bb{}\u00bb]<h2>GANADO O DESIERTO<\/h2>[\/et_pb_text][et_pb_text _builder_version=\u00bb4.17.3&#8243; _module_preset=\u00bbdefault\u00bb locked=\u00bboff\u00bb global_colors_info=\u00bb{}\u00bb]<p class=\"Standard\">Allan Savory visited for the first time in the Iberian Peninsula from the 10th to the 21st of June 2019. A tour packed with events designed to raise awareness of the work of one figure, whose work is transforming million hectares of the planet with a solution to the great challenges facing humanity. A solution based on the workings of nature: the Management is Holistic.<o:p><\/o:p><\/p>\n<p class=\"Standard\"><\/p>\n<p class=\"Standard\">The Management Holistic is a revolutionary approach to decision making and the use of management tools, able to reverse the process of desertification large-scale and mitigate climate change with the capture of atmospheric carbon in soils of the grasslands. In this system one of the key pieces is the use of cattle, must-have tool to restore ecosystems, and that has to be managed properly so that it is not a problem.<\/p>[\/et_pb_text][\/et_pb_column][et_pb_column type=\u00bb2_5&#8243; _builder_version=\u00bb4.16&#8243; _module_preset=\u00bbdefault\u00bb global_colors_info=\u00bb{}\u00bb][et_pb_image src=\u00bbhttps:\/\/ganado-o-desierto.com\/wp-content\/uploads\/2022\/05\/133.-CASTEL.jpg\u00bb title_text=\u00bbgira ib\u00e9rica hol\u00edsticamente &#8211; gira\u00bb _builder_version=\u00bb4.17.3&#8243; _module_preset=\u00bbdefault\u00bb custom_margin=\u00bb6vw|-12vw||-4%|false|false\u00bb custom_margin_tablet=\u00bb0%|0vw||0px|false|false\u00bb custom_margin_phone=\u00bb0%|0vw||0px|false|false\u00bb custom_margin_last_edited=\u00bbon|desktop\u00bb global_colors_info=\u00bb{}\u00bb align=\u00bbcenter\u00bb alt=\u00bbgira ib\u00e9rica hol\u00edsticamente &#8211; gira\u00bb hover_enabled=\u00bb0&#8243; sticky_enabled=\u00bb0&#8243;][\/et_pb_image][\/et_pb_column][\/et_pb_row][et_pb_row _builder_version=\u00bb4.17.3&#8243; _module_preset=\u00bbdefault\u00bb global_colors_info=\u00bb{}\u00bb][et_pb_column type=\u00bb4_4&#8243; _builder_version=\u00bb4.17.3&#8243; _module_preset=\u00bbdefault\u00bb global_colors_info=\u00bb{}\u00bb][et_pb_text _builder_version=\u00bb4.17.3&#8243; _module_preset=\u00bbdefault\u00bb locked=\u00bboff\u00bb global_colors_info=\u00bb{}\u00bb]<p class=\"Textbody\" style=\"margin-bottom: 0cm;\">The experiences of Handling Holistic already in place on all continents, with nearly 20 million acres under management, have already demonstrated their effectiveness in all kinds of contexts climatic, geographical, social and cultural. It is time that these results are obtained also in the iberian peninsula, where problems of desertification are compounded each year and a correct management of the territory would provide the field of more financial and human resources.<\/p>\n<p class=\"Textbody\" style=\"margin-bottom: 0cm;\"><o:p><\/o:p>The aim of this visit was to introduce in the iberian world, the importance of this methodology in the solutions of the future for the territories semi-arid areas. It was also an opportunity for Savory know our territory first-hand and we provide their insight and expertise to tailor the methodology to manage Holistic to our context.<o:p><\/o:p><\/p>[\/et_pb_text][\/et_pb_column][\/et_pb_row][et_pb_row column_structure=\u00bb1_2,1_2&#8243; _builder_version=\u00bb4.17.3&#8243; _module_preset=\u00bbdefault\u00bb locked=\u00bboff\u00bb global_colors_info=\u00bb{}\u00bb][et_pb_column type=\u00bb1_2&#8243; _builder_version=\u00bb4.17.3&#8243; _module_preset=\u00bbdefault\u00bb background_color=\u00bbrgba(202,189,155,0.15)\u00bb custom_padding=\u00bb50px|40px|30px|40px|false|true\u00bb custom_padding_tablet=\u00bb50px|30px||30px|false|true\u00bb custom_padding_phone=\u00bb|20px||20px|false|true\u00bb custom_padding_last_edited=\u00bbon|tablet\u00bb global_colors_info=\u00bb{}\u00bb][et_pb_image src=\u00bbhttps:\/\/ganado-o-desierto.com\/wp-content\/uploads\/2022\/05\/42.-SAVORY-1.png\u00bb title_text=\u00bbgira ib\u00e9rica hol\u00edsticamente &#8211; allan savory\u00bb _builder_version=\u00bb4.17.3&#8243; _module_preset=\u00bbdefault\u00bb hover_enabled=\u00bb0&#8243; global_colors_info=\u00bb{}\u00bb alt=\u00bbgira ib\u00e9rica hol\u00edsticamente &#8211; allan savory\u00bb sticky_enabled=\u00bb0&#8243; show_in_lightbox=\u00bbon\u00bb align=\u00bbcenter\u00bb][\/et_pb_image][\/et_pb_column][et_pb_column type=\u00bb1_2&#8243; _builder_version=\u00bb4.17.3&#8243; _module_preset=\u00bbdefault\u00bb background_color=\u00bbrgba(187,116,62,0.15)\u00bb custom_padding=\u00bb50px|40px|30px|40px|false|true\u00bb custom_padding_tablet=\u00bb50px|30px||30px|false|true\u00bb custom_padding_phone=\u00bb|20px||20px|false|true\u00bb custom_padding_last_edited=\u00bbon|tablet\u00bb global_colors_info=\u00bb{}\u00bb][et_pb_image src=\u00bbhttps:\/\/ganado-o-desierto.com\/wp-content\/uploads\/2022\/05\/240.-CASTEL.png\u00bb title_text=\u00bbgira ib\u00e9rica hol\u00edsticamente &#8211; gustavo al\u00e9s\u00bb _builder_version=\u00bb4.17.3&#8243; _module_preset=\u00bbdefault\u00bb hover_enabled=\u00bb0&#8243; global_colors_info=\u00bb{}\u00bb alt=\u00bbgira ib\u00e9rica hol\u00edsticamente &#8211; gustavo al\u00e9s\u00bb show_in_lightbox=\u00bbon\u00bb align=\u00bbcenter\u00bb sticky_enabled=\u00bb0&#8243;][\/et_pb_image][\/et_pb_column][\/et_pb_row][et_pb_row column_structure=\u00bb1_2,1_2&#8243; _builder_version=\u00bb4.16&#8243; _module_preset=\u00bbdefault\u00bb locked=\u00bboff\u00bb global_colors_info=\u00bb{}\u00bb][et_pb_column type=\u00bb1_2&#8243; _builder_version=\u00bb4.16&#8243; _module_preset=\u00bbdefault\u00bb global_colors_info=\u00bb{}\u00bb][et_pb_text _builder_version=\u00bb4.17.3&#8243; _module_preset=\u00bbdefault\u00bb header_3_text_color=\u00bb#FFFFFF\u00bb header_3_font_size=\u00bb20px\u00bb background_color=\u00bb#8A9616&#8243; custom_margin=\u00bb||||false|false\u00bb custom_padding=\u00bb8px|10px||10px|false|true\u00bb locked=\u00bboff\u00bb global_colors_info=\u00bb{}\u00bb]<h3>HOLISTICALLY, THE TOUR<\/h3>[\/et_pb_text][et_pb_text _builder_version=\u00bb4.17.3&#8243; _module_preset=\u00bbdefault\u00bb header_font_size=\u00bb72px\u00bb header_letter_spacing=\u00bb1px\u00bb header_line_height=\u00bb1.3em\u00bb header_2_line_height=\u00bb1.2em\u00bb header_font_size_tablet=\u00bb40px\u00bb header_font_size_phone=\u00bb24px\u00bb header_font_size_last_edited=\u00bbon|desktop\u00bb locked=\u00bboff\u00bb global_colors_info=\u00bb{}\u00bb]<h2>THE GOAL IS TO MAKE THE MANAGEMENT HOLISTIC RANCHERS, SCIENTISTS, CONSERVATION ORGANIZATIONS AND ADMINISTRATIONS<\/h2>[\/et_pb_text][\/et_pb_column][et_pb_column type=\u00bb1_2&#8243; _builder_version=\u00bb4.16&#8243; _module_preset=\u00bbdefault\u00bb global_colors_info=\u00bb{}\u00bb][et_pb_text _builder_version=\u00bb4.17.3&#8243; _module_preset=\u00bbdefault\u00bb locked=\u00bboff\u00bb global_colors_info=\u00bb{}\u00bb]<p class=\"Textbody\" style=\"margin-bottom: 0cm;\">Allan Savory along with Jody Butterfield (co-author of the Book, Handling Holistic: a revolution of Common sense) and Daniela Ibarra (CEO of the Institute Savory) toured various territories of our peninsula (Spain and Portugal), where the processes of desertification and land degradation, and the importance of livestock require a radical approach.<o:p><\/o:p><\/p>[\/et_pb_text][\/et_pb_column][\/et_pb_row][et_pb_row _builder_version=\u00bb4.17.3&#8243; _module_preset=\u00bbdefault\u00bb locked=\u00bboff\u00bb global_colors_info=\u00bb{}\u00bb][et_pb_column type=\u00bb4_4&#8243; _builder_version=\u00bb4.17.3&#8243; _module_preset=\u00bbdefault\u00bb global_colors_info=\u00bb{}\u00bb][et_pb_text _builder_version=\u00bb4.17.3&#8243; _module_preset=\u00bbdefault\u00bb locked=\u00bboff\u00bb global_colors_info=\u00bb{}\u00bb]<p class=\"Textbody\" style=\"margin-bottom: 0cm;\">Visited Castellar de la frontera (C\u00e1diz), National Park and Biological Reserve of Do\u00f1ana (Almonte, Huelva), Retamal de Llerena (Badajoz), Elvas (Portugal), Montemor O Novo (Portugal), Casar de C\u00e1ceres (C\u00e1ceres), Arroyo de la luz (C\u00e1ceres) and Madrid, with several types of events in diverse spaces and highlighted by its previous track record or uniqueness environment.<o:p><\/o:p><\/p>\n<p class=\"Textbody\" style=\"margin-bottom: 0cm;\">The objective of the trip was to publicize the Management Holistic ranchers, professionals, scientists, conservation organizations and Authorities, to be able to reconcile the ancient view of our livestock (transhumance grazing directed with dog,...) with the latest innovations and knowledge about the relationship between the soil, water, vegetation and animals.<o:p><\/o:p><\/p>[\/et_pb_text][\/et_pb_column][\/et_pb_row][et_pb_row column_structure=\u00bb1_2,1_2&#8243; make_equal=\u00bbon\u00bb _builder_version=\u00bb4.17.3&#8243; _module_preset=\u00bbdefault\u00bb locked=\u00bboff\u00bb global_colors_info=\u00bb{}\u00bb][et_pb_column type=\u00bb1_2&#8243; _builder_version=\u00bb4.16&#8243; _module_preset=\u00bbdefault\u00bb global_colors_info=\u00bb{}\u00bb][et_pb_image src=\u00bbhttps:\/\/ganado-o-desierto.com\/wp-content\/uploads\/2022\/05\/32.-RET.png\u00bb title_text=\u00bbgira ib\u00e9rica hol\u00edsticamente &#8211; gira\u00bb align=\u00bbcenter\u00bb force_fullwidth=\u00bbon\u00bb _builder_version=\u00bb4.17.3&#8243; _module_preset=\u00bbdefault\u00bb hover_enabled=\u00bb0&#8243; global_colors_info=\u00bb{}\u00bb show_in_lightbox=\u00bbon\u00bb alt=\u00bbgira ib\u00e9rica hol\u00edsticamente &#8211; gira\u00bb sticky_enabled=\u00bb0&#8243;][\/et_pb_image][\/et_pb_column][et_pb_column type=\u00bb1_2&#8243; _builder_version=\u00bb4.16&#8243; _module_preset=\u00bbdefault\u00bb global_colors_info=\u00bb{}\u00bb][et_pb_text _builder_version=\u00bb4.17.3&#8243; _module_preset=\u00bbdefault\u00bb locked=\u00bboff\u00bb global_colors_info=\u00bb{}\u00bb]<p class=\"Textbody\" style=\"margin-bottom: 0cm;\">The tour served as the impetus mainly ranchers and farmers to begin to manage their territories in a way that regenerate soil fertility, biodiversity, vegetation and the water cycle, at the same time strengthening the rural population through the profitability of the system proposed by Savory.<\/p>\n<p class=\"Textbody\" style=\"margin-bottom: 0cm;\"><o:p><\/o:p>The tour was marked by four types of events in which the participants learned, shared, and enjoyed the visit wisdom of Allan Savory and other protagonists:<o:p><\/o:p><\/p>[\/et_pb_text][\/et_pb_column][\/et_pb_row][et_pb_row _builder_version=\u00bb4.16&#8243; _module_preset=\u00bbdefault\u00bb global_colors_info=\u00bb{}\u00bb][et_pb_column type=\u00bb4_4&#8243; _builder_version=\u00bb4.16&#8243; _module_preset=\u00bbdefault\u00bb global_colors_info=\u00bb{}\u00bb][et_pb_text _builder_version=\u00bb4.17.3&#8243; _module_preset=\u00bbdefault\u00bb header_3_text_color=\u00bb#FFFFFF\u00bb header_3_font_size=\u00bb20px\u00bb background_color=\u00bb#8A9616&#8243; custom_margin=\u00bb||||false|false\u00bb custom_padding=\u00bb8px|10px||10px|false|true\u00bb locked=\u00bboff\u00bb global_colors_info=\u00bb{}\u00bb]<h3>1 \u2013 INDOOR \u2013 Master Class<\/h3>[\/et_pb_text][et_pb_text _builder_version=\u00bb4.17.3&#8243; _module_preset=\u00bbdefault\u00bb locked=\u00bboff\u00bb global_colors_info=\u00bb{}\u00bb]<p>The \u201cmanagement holistic\u201d look for the correct operation of the territories from the point of view of social, environmental and economic. Can be used with success in all types of<\/p>\n<p>territories under management, such as, for example, in the protected natural areas, in the pastures, in the pastures, in the fields of culture... This approach is based, environmental and productive, to recover the ancient, intimate and subtle performance that occurs between the large herds of herbivores, the communities of permanent pasture and soil microbiology.<\/p>[\/et_pb_text][\/et_pb_column][\/et_pb_row][et_pb_row column_structure=\u00bb1_2,1_2&#8243; _builder_version=\u00bb4.17.3&#8243; _module_preset=\u00bbdefault\u00bb locked=\u00bboff\u00bb global_colors_info=\u00bb{}\u00bb][et_pb_column type=\u00bb1_2&#8243; _builder_version=\u00bb4.17.3&#8243; _module_preset=\u00bbdefault\u00bb background_color=\u00bbrgba(202,189,155,0.15)\u00bb custom_padding=\u00bb50px|40px|30px|40px|false|true\u00bb custom_padding_tablet=\u00bb50px|30px||30px|false|true\u00bb custom_padding_phone=\u00bb|20px||20px|false|true\u00bb custom_padding_last_edited=\u00bbon|tablet\u00bb global_colors_info=\u00bb{}\u00bb][et_pb_image src=\u00bbhttps:\/\/ganado-o-desierto.com\/wp-content\/uploads\/2022\/05\/23.-CASTELLAR-DE-LA-FRONTERA.png\u00bb title_text=\u00bbgira ib\u00e9rica hol\u00edsticamente &#8211; masterclass\u00bb _builder_version=\u00bb4.17.3&#8243; _module_preset=\u00bbdefault\u00bb hover_enabled=\u00bb0&#8243; global_colors_info=\u00bb{}\u00bb alt=\u00bbgira ib\u00e9rica hol\u00edsticamente &#8211; masterclass\u00bb show_in_lightbox=\u00bbon\u00bb align=\u00bbcenter\u00bb sticky_enabled=\u00bb0&#8243;][\/et_pb_image][\/et_pb_column][et_pb_column type=\u00bb1_2&#8243; _builder_version=\u00bb4.17.3&#8243; _module_preset=\u00bbdefault\u00bb background_color=\u00bbrgba(187,116,62,0.15)\u00bb custom_padding=\u00bb50px|40px|30px|40px|false|true\u00bb custom_padding_tablet=\u00bb50px|30px||30px|false|true\u00bb custom_padding_phone=\u00bb|20px||20px|false|true\u00bb custom_padding_last_edited=\u00bbon|tablet\u00bb global_colors_info=\u00bb{}\u00bb][et_pb_image src=\u00bbhttps:\/\/ganado-o-desierto.com\/wp-content\/uploads\/2022\/05\/25.-CASTELLAR-DE-LA-FRONTERA.png\u00bb title_text=\u00bbgira ib\u00e9rica hol\u00edsticamente &#8211; masterclass\u00bb _builder_version=\u00bb4.17.3&#8243; _module_preset=\u00bbdefault\u00bb hover_enabled=\u00bb0&#8243; global_colors_info=\u00bb{}\u00bb alt=\u00bbgira ib\u00e9rica hol\u00edsticamente &#8211; masterclass\u00bb show_in_lightbox=\u00bbon\u00bb align=\u00bbcenter\u00bb sticky_enabled=\u00bb0&#8243;][\/et_pb_image][\/et_pb_column][\/et_pb_row][et_pb_row _builder_version=\u00bb4.16&#8243; _module_preset=\u00bbdefault\u00bb locked=\u00bboff\u00bb global_colors_info=\u00bb{}\u00bb][et_pb_column type=\u00bb4_4&#8243; _builder_version=\u00bb4.16&#8243; _module_preset=\u00bbdefault\u00bb global_colors_info=\u00bb{}\u00bb][et_pb_text _builder_version=\u00bb4.17.3&#8243; _module_preset=\u00bbdefault\u00bb header_3_text_color=\u00bb#FFFFFF\u00bb header_3_font_size=\u00bb20px\u00bb background_color=\u00bb#8A9616&#8243; custom_margin=\u00bb||||false|false\u00bb custom_padding=\u00bb8px|10px||10px|false|true\u00bb locked=\u00bboff\u00bb global_colors_info=\u00bb{}\u00bb]<h3>2 \u2013 OUTDOOR \u2013 Sessions of communication and dissemination of information. Practices in the field<\/h3>[\/et_pb_text][et_pb_text _builder_version=\u00bb4.17.3&#8243; _module_preset=\u00bbdefault\u00bb locked=\u00bboff\u00bb global_colors_info=\u00bb{}\u00bb]<p>Visits to farms livestock demonstration of the Handling Holistic, where analyzed with Allan Savory of the actions that have been done and what the results are obtained on the topics of soil, productivity, plant and animal, profits, etc<\/p>\n<p>Visit other experiences livestock where they analyzed the situation that produces the conventional management of the animals (continuous grazing).<\/p>[\/et_pb_text][\/et_pb_column][\/et_pb_row][et_pb_row column_structure=\u00bb1_2,1_2&#8243; _builder_version=\u00bb4.17.3&#8243; _module_preset=\u00bbdefault\u00bb locked=\u00bboff\u00bb global_colors_info=\u00bb{}\u00bb][et_pb_column type=\u00bb1_2&#8243; _builder_version=\u00bb4.17.3&#8243; _module_preset=\u00bbdefault\u00bb background_color=\u00bbrgba(202,189,155,0.15)\u00bb custom_padding=\u00bb50px|40px|30px|40px|false|true\u00bb custom_padding_tablet=\u00bb50px|30px||30px|false|true\u00bb custom_padding_phone=\u00bb|20px||20px|false|true\u00bb custom_padding_last_edited=\u00bbon|tablet\u00bb global_colors_info=\u00bb{}\u00bb][et_pb_image src=\u00bbhttps:\/\/ganado-o-desierto.com\/wp-content\/uploads\/2022\/05\/47.-DEFESINHAS-SAVORY.png\u00bb title_text=\u00bbgira ib\u00e9rica hol\u00edsticamente &#8211; pr\u00e1cticas en el campo\u00bb _builder_version=\u00bb4.17.3&#8243; _module_preset=\u00bbdefault\u00bb hover_enabled=\u00bb0&#8243; global_colors_info=\u00bb{}\u00bb alt=\u00bbgira ib\u00e9rica hol\u00edsticamente &#8211; pr\u00e1cticas en el campo\u00bb sticky_enabled=\u00bb0&#8243; show_in_lightbox=\u00bbon\u00bb align=\u00bbcenter\u00bb][\/et_pb_image][\/et_pb_column][et_pb_column type=\u00bb1_2&#8243; _builder_version=\u00bb4.17.3&#8243; _module_preset=\u00bbdefault\u00bb background_color=\u00bbrgba(187,116,62,0.15)\u00bb custom_padding=\u00bb50px|40px|30px|40px|false|true\u00bb custom_padding_tablet=\u00bb50px|30px||30px|false|true\u00bb custom_padding_phone=\u00bb|20px||20px|false|true\u00bb custom_padding_last_edited=\u00bbon|tablet\u00bb global_colors_info=\u00bb{}\u00bb][et_pb_image src=\u00bbhttps:\/\/ganado-o-desierto.com\/wp-content\/uploads\/2022\/05\/239.-CASTEL.png\u00bb title_text=\u00bbgira ib\u00e9rica hol\u00edsticamente &#8211; pr\u00e1cticas en el campo\u00bb _builder_version=\u00bb4.17.3&#8243; _module_preset=\u00bbdefault\u00bb hover_enabled=\u00bb0&#8243; global_colors_info=\u00bb{}\u00bb alt=\u00bbgira ib\u00e9rica hol\u00edsticamente &#8211; pr\u00e1cticas en el campo\u00bb show_in_lightbox=\u00bbon\u00bb align=\u00bbcenter\u00bb sticky_enabled=\u00bb0&#8243;][\/et_pb_image][\/et_pb_column][\/et_pb_row][et_pb_row _builder_version=\u00bb4.16&#8243; _module_preset=\u00bbdefault\u00bb locked=\u00bboff\u00bb global_colors_info=\u00bb{}\u00bb][et_pb_column type=\u00bb4_4&#8243; _builder_version=\u00bb4.16&#8243; _module_preset=\u00bbdefault\u00bb global_colors_info=\u00bb{}\u00bb][et_pb_text _builder_version=\u00bb4.17.3&#8243; _module_preset=\u00bbdefault\u00bb locked=\u00bboff\u00bb global_colors_info=\u00bb{}\u00bb]<p class=\"Textbody\" style=\"margin-bottom: 0cm;\">We also visited some natural spaces (Do\u00f1ana National Park), where we analyzed the effects of the exclusion of cattle over the years of these spaces by making conservationist, and how they could restore the lost balance with a cattle managed in a holistic way.<o:p><\/o:p><\/p>[\/et_pb_text][\/et_pb_column][\/et_pb_row][et_pb_row _builder_version=\u00bb4.16&#8243; _module_preset=\u00bbdefault\u00bb locked=\u00bboff\u00bb global_colors_info=\u00bb{}\u00bb][et_pb_column type=\u00bb4_4&#8243; _builder_version=\u00bb4.16&#8243; _module_preset=\u00bbdefault\u00bb global_colors_info=\u00bb{}\u00bb][et_pb_text _builder_version=\u00bb4.17.3&#8243; _module_preset=\u00bbdefault\u00bb header_3_text_color=\u00bb#FFFFFF\u00bb header_3_font_size=\u00bb20px\u00bb background_color=\u00bb#8A9616&#8243; custom_margin=\u00bb||||false|false\u00bb custom_padding=\u00bb8px|10px||10px|false|true\u00bb locked=\u00bboff\u00bb global_colors_info=\u00bb{}\u00bb]<h3>3 \u2013 MEETINGS AND GATHERINGS<\/h3>[\/et_pb_text][et_pb_text _builder_version=\u00bb4.17.3&#8243; _module_preset=\u00bbdefault\u00bb locked=\u00bboff\u00bb global_colors_info=\u00bb{}\u00bb]<p class=\"Textbody\" style=\"margin-bottom: 0cm;\">Were held public and private meetings with different actors in the socio-political sphere, scientific, productive and environmental, and with decision-makers on the territories, where they shared the vision of the Management, Holistic take on the issues of conservation, governance and land stewardship.<o:p><\/o:p><\/p>[\/et_pb_text][\/et_pb_column][\/et_pb_row][et_pb_row column_structure=\u00bb1_2,1_2&#8243; _builder_version=\u00bb4.17.3&#8243; _module_preset=\u00bbdefault\u00bb locked=\u00bboff\u00bb global_colors_info=\u00bb{}\u00bb][et_pb_column type=\u00bb1_2&#8243; _builder_version=\u00bb4.17.3&#8243; _module_preset=\u00bbdefault\u00bb background_color=\u00bbrgba(202,189,155,0.15)\u00bb custom_padding=\u00bb50px|40px|30px|40px|false|true\u00bb custom_padding_tablet=\u00bb50px|30px||30px|false|true\u00bb custom_padding_phone=\u00bb|20px||20px|false|true\u00bb custom_padding_last_edited=\u00bbon|tablet\u00bb global_colors_info=\u00bb{}\u00bb][et_pb_image src=\u00bbhttps:\/\/ganado-o-desierto.com\/wp-content\/uploads\/2022\/05\/29.-FRIXO-D.png\u00bb title_text=\u00bbgira ib\u00e9rica hol\u00edsticamente &#8211; reuniones y encuentros\u00bb _builder_version=\u00bb4.17.3&#8243; _module_preset=\u00bbdefault\u00bb hover_enabled=\u00bb0&#8243; global_colors_info=\u00bb{}\u00bb alt=\u00bbgira ib\u00e9rica hol\u00edsticamente &#8211; reuniones y encuentros\u00bb show_in_lightbox=\u00bbon\u00bb align=\u00bbcenter\u00bb sticky_enabled=\u00bb0&#8243;][\/et_pb_image][\/et_pb_column][et_pb_column type=\u00bb1_2&#8243; _builder_version=\u00bb4.17.3&#8243; _module_preset=\u00bbdefault\u00bb background_color=\u00bbrgba(187,116,62,0.15)\u00bb custom_padding=\u00bb50px|40px|30px|40px|false|true\u00bb custom_padding_tablet=\u00bb50px|30px||30px|false|true\u00bb custom_padding_phone=\u00bb|20px||20px|false|true\u00bb custom_padding_last_edited=\u00bbon|tablet\u00bb global_colors_info=\u00bb{}\u00bb][et_pb_image src=\u00bbhttps:\/\/ganado-o-desierto.com\/wp-content\/uploads\/2022\/05\/137.-DEFESI.jpg\u00bb title_text=\u00bbgira ib\u00e9rica hol\u00edsticamente &#8211; reuniones y encuentros\u00bb _builder_version=\u00bb4.17.3&#8243; _module_preset=\u00bbdefault\u00bb hover_enabled=\u00bb0&#8243; global_colors_info=\u00bb{}\u00bb alt=\u00bbgira ib\u00e9rica hol\u00edsticamente &#8211; reuniones y encuentros\u00bb show_in_lightbox=\u00bbon\u00bb align=\u00bbcenter\u00bb sticky_enabled=\u00bb0&#8243;][\/et_pb_image][\/et_pb_column][\/et_pb_row][et_pb_row _builder_version=\u00bb4.16&#8243; _module_preset=\u00bbdefault\u00bb locked=\u00bboff\u00bb global_colors_info=\u00bb{}\u00bb][et_pb_column type=\u00bb4_4&#8243; _builder_version=\u00bb4.16&#8243; _module_preset=\u00bbdefault\u00bb global_colors_info=\u00bb{}\u00bb][et_pb_text _builder_version=\u00bb4.17.3&#8243; _module_preset=\u00bbdefault\u00bb header_3_text_color=\u00bb#FFFFFF\u00bb header_3_font_size=\u00bb20px\u00bb background_color=\u00bb#8A9616&#8243; custom_margin=\u00bb||||false|false\u00bb custom_padding=\u00bb8px|10px||10px|false|true\u00bb locked=\u00bboff\u00bb global_colors_info=\u00bb{}\u00bb]<h3>4 \u2013 TEAM-BUILDING EVENTS AND HOLIDAYS<\/h3>[\/et_pb_text][\/et_pb_column][\/et_pb_row][et_pb_row column_structure=\u00bb1_2,1_2&#8243; make_equal=\u00bbon\u00bb _builder_version=\u00bb4.17.3&#8243; _module_preset=\u00bbdefault\u00bb global_colors_info=\u00bb{}\u00bb][et_pb_column type=\u00bb1_2&#8243; _builder_version=\u00bb4.16&#8243; _module_preset=\u00bbdefault\u00bb global_colors_info=\u00bb{}\u00bb][et_pb_text _builder_version=\u00bb4.17.3&#8243; _module_preset=\u00bbdefault\u00bb locked=\u00bboff\u00bb global_colors_info=\u00bb{}\u00bb]<p class=\"Textbody\" style=\"margin-bottom: 0cm;\">Ceremonies were held as cultural and celebration where there were meetings with like-minded people and share experiences, feelings and experiences around a good meal, a good music and a privileged environment of art and nature.<o:p><\/o:p><\/p>[\/et_pb_text][\/et_pb_column][et_pb_column type=\u00bb1_2&#8243; _builder_version=\u00bb4.16&#8243; _module_preset=\u00bbdefault\u00bb global_colors_info=\u00bb{}\u00bb][et_pb_image src=\u00bbhttps:\/\/ganado-o-desierto.com\/wp-content\/uploads\/2022\/05\/131.-SA.jpg\u00bb title_text=\u00bbgira ib\u00e9rica hol\u00edsticamente &#8211; eventos l\u00fadicos\u00bb align=\u00bbcenter\u00bb force_fullwidth=\u00bbon\u00bb _builder_version=\u00bb4.17.3&#8243; _module_preset=\u00bbdefault\u00bb hover_enabled=\u00bb0&#8243; global_colors_info=\u00bb{}\u00bb alt=\u00bbgira ib\u00e9rica hol\u00edsticamente &#8211; eventos l\u00fadicos\u00bb sticky_enabled=\u00bb0&#8243; show_in_lightbox=\u00bbon\u00bb][\/et_pb_image][\/et_pb_column][\/et_pb_row][\/et_pb_section]","protected":false},"excerpt":{"rendered":"<p>GIRA IB\u00c9RICA HOL\u00cdSTICAMENTEGANADO O DESIERTOAllan Savory visit\u00f3 por primera vez la Pen\u00ednsula Ib\u00e9rica del 10 al 21 de junio de 2019. Una gira repleta de eventos destinados a dar a conocer el trabajo de una figura, cuya labor est\u00e1 transformando millones de hect\u00e1reas del planeta con una soluci\u00f3n a los grandes retos a los que [&hellip;]<\/p>","protected":false},"author":1,"featured_media":841,"parent":0,"menu_order":0,"comment_status":"closed","ping_status":"closed","template":"","meta":{"_et_pb_use_builder":"on","_et_pb_old_content":"","_et_gb_content_width":"","footnotes":""},"class_list":["post-122","page","type-page","status-publish","has-post-thumbnail","hentry"],"yoast_head":"<!-- This site is optimized with the Yoast SEO plugin v18.9 - https:\/\/yoast.com\/wordpress\/plugins\/seo\/ -->\n<title>Gira Ib\u00e9rica Hol\u00edsticamente - Allan Savory - Ganado o Desierto<\/title>\n<meta name=\"description\" content=\"El Manejo Hol\u00edstico es un enfoque revolucionario para la toma de decisiones y el uso de herramientas de gesti\u00f3n.\" \/>\n<meta name=\"robots\" content=\"index, follow, max-snippet:-1, max-image-preview:large, max-video-preview:-1\" \/>\n<link rel=\"canonical\" href=\"https:\/\/ganado-o-desierto.com\/en\/gira-iberica-holisticamente-allan-savory\/\" \/>\n<meta property=\"og:locale\" content=\"en_GB\" \/>\n<meta property=\"og:type\" content=\"article\" \/>\n<meta property=\"og:title\" content=\"Gira Ib\u00e9rica Hol\u00edsticamente - Allan Savory - Ganado o Desierto\" \/>\n<meta property=\"og:description\" content=\"El Manejo Hol\u00edstico es un enfoque revolucionario para la toma de decisiones y el uso de herramientas de gesti\u00f3n.\" \/>\n<meta property=\"og:url\" content=\"https:\/\/ganado-o-desierto.com\/en\/gira-iberica-holisticamente-allan-savory\/\" \/>\n<meta property=\"og:site_name\" content=\"Ganado o Desierto - Documental\" \/>\n<meta property=\"article:modified_time\" content=\"2022-05-20T10:45:31+00:00\" \/>\n<meta property=\"og:image\" content=\"https:\/\/ganado-o-desierto.com\/wp-content\/uploads\/2022\/05\/133.-CASTEL.jpg\" \/>\n\t<meta property=\"og:image:width\" content=\"1080\" \/>\n\t<meta property=\"og:image:height\" content=\"563\" \/>\n\t<meta property=\"og:image:type\" content=\"image\/jpeg\" \/>\n<meta name=\"twitter:card\" content=\"summary_large_image\" \/>\n<meta name=\"twitter:label1\" content=\"Estimated reading time\" \/>\n\t<meta name=\"twitter:data1\" content=\"7 minutes\" \/>\n<script type=\"application\/ld+json\" class=\"yoast-schema-graph\">{\"@context\":\"https:\/\/schema.org\",\"@graph\":[{\"@type\":\"Organization\",\"@id\":\"https:\/\/ganado-o-desierto.com\/#organization\",\"name\":\"Ganado o Desierto\",\"url\":\"https:\/\/ganado-o-desierto.com\/\",\"sameAs\":[],\"logo\":{\"@type\":\"ImageObject\",\"inLanguage\":\"en-GB\",\"@id\":\"https:\/\/ganado-o-desierto.com\/#\/schema\/logo\/image\/\",\"url\":\"https:\/\/ganado-o-desierto.com\/wp-content\/uploads\/2022\/05\/logo-ganado-desierto-negro.png\",\"contentUrl\":\"https:\/\/ganado-o-desierto.com\/wp-content\/uploads\/2022\/05\/logo-ganado-desierto-negro.png\",\"width\":124,\"height\":44,\"caption\":\"Ganado o Desierto\"},\"image\":{\"@id\":\"https:\/\/ganado-o-desierto.com\/#\/schema\/logo\/image\/\"}},{\"@type\":\"WebSite\",\"@id\":\"https:\/\/ganado-o-desierto.com\/#website\",\"url\":\"https:\/\/ganado-o-desierto.com\/\",\"name\":\"Ganado o Desierto - Documental\",\"description\":\"El Manejo Hol\u00edstico la salvaci\u00f3n de la ganader\u00eda y agricultura\",\"publisher\":{\"@id\":\"https:\/\/ganado-o-desierto.com\/#organization\"},\"potentialAction\":[{\"@type\":\"SearchAction\",\"target\":{\"@type\":\"EntryPoint\",\"urlTemplate\":\"https:\/\/ganado-o-desierto.com\/?s={search_term_string}\"},\"query-input\":\"required name=search_term_string\"}],\"inLanguage\":\"en-GB\"},{\"@type\":\"ImageObject\",\"inLanguage\":\"en-GB\",\"@id\":\"https:\/\/ganado-o-desierto.com\/gira-iberica-holisticamente-allan-savory\/#primaryimage\",\"url\":\"https:\/\/ganado-o-desierto.com\/wp-content\/uploads\/2022\/05\/133.-CASTEL.jpg\",\"contentUrl\":\"https:\/\/ganado-o-desierto.com\/wp-content\/uploads\/2022\/05\/133.-CASTEL.jpg\",\"width\":1080,\"height\":563,\"caption\":\"gira ib\u00e9rica hol\u00edsticamente - gira\"},{\"@type\":\"WebPage\",\"@id\":\"https:\/\/ganado-o-desierto.com\/gira-iberica-holisticamente-allan-savory\/#webpage\",\"url\":\"https:\/\/ganado-o-desierto.com\/gira-iberica-holisticamente-allan-savory\/\",\"name\":\"Gira Ib\u00e9rica Hol\u00edsticamente - Allan Savory - Ganado o Desierto\",\"isPartOf\":{\"@id\":\"https:\/\/ganado-o-desierto.com\/#website\"},\"primaryImageOfPage\":{\"@id\":\"https:\/\/ganado-o-desierto.com\/gira-iberica-holisticamente-allan-savory\/#primaryimage\"},\"datePublished\":\"2022-05-04T09:52:57+00:00\",\"dateModified\":\"2022-05-20T10:45:31+00:00\",\"description\":\"El Manejo Hol\u00edstico es un enfoque revolucionario para la toma de decisiones y el uso de herramientas de gesti\u00f3n.\",\"breadcrumb\":{\"@id\":\"https:\/\/ganado-o-desierto.com\/gira-iberica-holisticamente-allan-savory\/#breadcrumb\"},\"inLanguage\":\"en-GB\",\"potentialAction\":[{\"@type\":\"ReadAction\",\"target\":[\"https:\/\/ganado-o-desierto.com\/gira-iberica-holisticamente-allan-savory\/\"]}]},{\"@type\":\"BreadcrumbList\",\"@id\":\"https:\/\/ganado-o-desierto.com\/gira-iberica-holisticamente-allan-savory\/#breadcrumb\",\"itemListElement\":[{\"@type\":\"ListItem\",\"position\":1,\"name\":\"Portada\",\"item\":\"https:\/\/ganado-o-desierto.com\/\"},{\"@type\":\"ListItem\",\"position\":2,\"name\":\"Gira Ib\u00e9rica Hol\u00edsticamente &#8211; Allan Savory\"}]}]}<\/script>\n<!-- \/ Yoast SEO plugin. -->","yoast_head_json":{"title":"Gira Ib\u00e9rica Hol\u00edsticamente - Allan Savory - Ganado o Desierto","description":"El Manejo Hol\u00edstico es un enfoque revolucionario para la toma de decisiones y el uso de herramientas de gesti\u00f3n.","robots":{"index":"index","follow":"follow","max-snippet":"max-snippet:-1","max-image-preview":"max-image-preview:large","max-video-preview":"max-video-preview:-1"},"canonical":"https:\/\/ganado-o-desierto.com\/en\/gira-iberica-holisticamente-allan-savory\/","og_locale":"en_GB","og_type":"article","og_title":"Gira Ib\u00e9rica Hol\u00edsticamente - Allan Savory - Ganado o Desierto","og_description":"El Manejo Hol\u00edstico es un enfoque revolucionario para la toma de decisiones y el uso de herramientas de gesti\u00f3n.","og_url":"https:\/\/ganado-o-desierto.com\/en\/gira-iberica-holisticamente-allan-savory\/","og_site_name":"Ganado o Desierto - Documental","article_modified_time":"2022-05-20T10:45:31+00:00","og_image":[{"width":1080,"height":563,"url":"https:\/\/ganado-o-desierto.com\/wp-content\/uploads\/2022\/05\/133.-CASTEL.jpg","type":"image\/jpeg"}],"twitter_card":"summary_large_image","twitter_misc":{"Estimated reading time":"7 minutes"},"schema":{"@context":"https:\/\/schema.org","@graph":[{"@type":"Organization","@id":"https:\/\/ganado-o-desierto.com\/#organization","name":"Ganado o Desierto","url":"https:\/\/ganado-o-desierto.com\/","sameAs":[],"logo":{"@type":"ImageObject","inLanguage":"en-GB","@id":"https:\/\/ganado-o-desierto.com\/#\/schema\/logo\/image\/","url":"https:\/\/ganado-o-desierto.com\/wp-content\/uploads\/2022\/05\/logo-ganado-desierto-negro.png","contentUrl":"https:\/\/ganado-o-desierto.com\/wp-content\/uploads\/2022\/05\/logo-ganado-desierto-negro.png","width":124,"height":44,"caption":"Ganado o Desierto"},"image":{"@id":"https:\/\/ganado-o-desierto.com\/#\/schema\/logo\/image\/"}},{"@type":"WebSite","@id":"https:\/\/ganado-o-desierto.com\/#website","url":"https:\/\/ganado-o-desierto.com\/","name":"Ganado o Desierto - Documental","description":"El Manejo Hol\u00edstico la salvaci\u00f3n de la ganader\u00eda y agricultura","publisher":{"@id":"https:\/\/ganado-o-desierto.com\/#organization"},"potentialAction":[{"@type":"SearchAction","target":{"@type":"EntryPoint","urlTemplate":"https:\/\/ganado-o-desierto.com\/?s={search_term_string}"},"query-input":"required name=search_term_string"}],"inLanguage":"en-GB"},{"@type":"ImageObject","inLanguage":"en-GB","@id":"https:\/\/ganado-o-desierto.com\/gira-iberica-holisticamente-allan-savory\/#primaryimage","url":"https:\/\/ganado-o-desierto.com\/wp-content\/uploads\/2022\/05\/133.-CASTEL.jpg","contentUrl":"https:\/\/ganado-o-desierto.com\/wp-content\/uploads\/2022\/05\/133.-CASTEL.jpg","width":1080,"height":563,"caption":"gira ib\u00e9rica hol\u00edsticamente - gira"},{"@type":"WebPage","@id":"https:\/\/ganado-o-desierto.com\/gira-iberica-holisticamente-allan-savory\/#webpage","url":"https:\/\/ganado-o-desierto.com\/gira-iberica-holisticamente-allan-savory\/","name":"Gira Ib\u00e9rica Hol\u00edsticamente - Allan Savory - Ganado o Desierto","isPartOf":{"@id":"https:\/\/ganado-o-desierto.com\/#website"},"primaryImageOfPage":{"@id":"https:\/\/ganado-o-desierto.com\/gira-iberica-holisticamente-allan-savory\/#primaryimage"},"datePublished":"2022-05-04T09:52:57+00:00","dateModified":"2022-05-20T10:45:31+00:00","description":"El Manejo Hol\u00edstico es un enfoque revolucionario para la toma de decisiones y el uso de herramientas de gesti\u00f3n.","breadcrumb":{"@id":"https:\/\/ganado-o-desierto.com\/gira-iberica-holisticamente-allan-savory\/#breadcrumb"},"inLanguage":"en-GB","potentialAction":[{"@type":"ReadAction","target":["https:\/\/ganado-o-desierto.com\/gira-iberica-holisticamente-allan-savory\/"]}]},{"@type":"BreadcrumbList","@id":"https:\/\/ganado-o-desierto.com\/gira-iberica-holisticamente-allan-savory\/#breadcrumb","itemListElement":[{"@type":"ListItem","position":1,"name":"Portada","item":"https:\/\/ganado-o-desierto.com\/"},{"@type":"ListItem","position":2,"name":"Gira Ib\u00e9rica Hol\u00edsticamente &#8211; Allan Savory"}]}]}},"_links":{"self":[{"href":"https:\/\/ganado-o-desierto.com\/en\/wp-json\/wp\/v2\/pages\/122","targetHints":{"allow":["GET"]}}],"collection":[{"href":"https:\/\/ganado-o-desierto.com\/en\/wp-json\/wp\/v2\/pages"}],"about":[{"href":"https:\/\/ganado-o-desierto.com\/en\/wp-json\/wp\/v2\/types\/page"}],"author":[{"embeddable":true,"href":"https:\/\/ganado-o-desierto.com\/en\/wp-json\/wp\/v2\/users\/1"}],"replies":[{"embeddable":true,"href":"https:\/\/ganado-o-desierto.com\/en\/wp-json\/wp\/v2\/comments?post=122"}],"version-history":[{"count":7,"href":"https:\/\/ganado-o-desierto.com\/en\/wp-json\/wp\/v2\/pages\/122\/revisions"}],"predecessor-version":[{"id":1033,"href":"https:\/\/ganado-o-desierto.com\/en\/wp-json\/wp\/v2\/pages\/122\/revisions\/1033"}],"wp:featuredmedia":[{"embeddable":true,"href":"https:\/\/ganado-o-desierto.com\/en\/wp-json\/wp\/v2\/media\/841"}],"wp:attachment":[{"href":"https:\/\/ganado-o-desierto.com\/en\/wp-json\/wp\/v2\/media?parent=122"}],"curies":[{"name":"wp","href":"https:\/\/api.w.org\/{rel}","templated":true}]}}